{"id":109,"date":"2016-08-30T15:32:08","date_gmt":"2016-08-30T15:32:08","guid":{"rendered":"http:\/\/homepage.behrendt-text.de\/?page_id=109"},"modified":"2016-09-19T08:00:04","modified_gmt":"2016-09-19T08:00:04","slug":"netzwerk","status":"publish","type":"page","link":"https:\/\/behrendt-text.de\/?page_id=109","title":{"rendered":"Netzwerk"},"content":{"rendered":"<p class=\"mbFett\"><span style=\"color: #ff6600; font-size: 14pt;\"><strong>Mitgliedschaften<\/strong><\/span><\/p>\n<p class=\"mbText\"><strong>Frankfurter PresseClub e.V.<\/strong><br \/>\nDer Treffpunkt, nicht nur f\u00fcr Medienschaffende, im Herzen der Mainmetropole. <a class=\"mblink\" href=\"http:\/\/www.frankfurterpresseclub.de\" target=\"_blank\"> www.frankfurterpresseclub.de<\/a><\/p>\n<p><strong>Verband der Freien Lektorinnen und Lektoren e.V.<\/strong><br \/>\nDie Kommunikationsplattform f\u00fcr Lektorinnen, Lektoren und in angrenzenden Berufsfeldern T\u00e4tige.<br \/>\n<a class=\"mblink\" href=\"http:\/\/wwwvfll.de\" target=\"_blank\"> www.vfll.de<\/a><\/p>\n<p class=\"mbFett\"><span style=\"color: #ff6600; font-size: 14pt;\"><strong>Freunde und Partner<\/strong><\/span><\/p>\n<p class=\"mbText\"><strong>AiD \u2013 Architektur im Dialog<\/strong><br \/>\nDie Frankfurter Architekturplattform um Gesch\u00e4ftsf\u00fchrerin Susanne Petry veranstaltet Vortr\u00e4ge zum Thema nachhaltiges Bauen und organisiert in Zusammenarbeit mit dem Energiereferat Fachtouren zu Frankfurts nachhaltigen Geb\u00e4uden (KLIMAtours).<br \/>\n<a class=\"mblink\" href=\"http:\/\/www.architekturimdialog.de\/\" target=\"_blank\">www.architekturimdialog.de<\/a><\/p>\n<p class=\"mbText\"><strong>Ernst Stratmann PHOTX<\/strong><br \/>\nFrankfurts Nightlife-Fotograf Nummer 1 fotografiert auch f\u00fcr Zeitschriften, Messeanbieter und Unternehmen.<br \/>\n<a class=\"mblink\" href=\"http:\/\/www.ernst-stratmann.de\" target=\"_blank\">www.ernst-stratmann.de<\/a><\/p>\n<p><strong>PIER F \u2013 Zukunftshafen Frankfurt am Main<\/strong><br \/>\nMit dem PIER F entsteht im spannenden Industrie-<br \/>\ngebiet Osthafen eine praxisorientierte Bildungs- und<br \/>\nBegegnungsst\u00e4tte zu den Themen Nachhaltigkeit und<br \/>\nInnovation. Auf den B\u00fcrofl\u00e4chen gehen Kreative nicht<br \/>\nnur ihrem Tagesgesch\u00e4ft nach, sondern arbeiten auch<br \/>\ngemeinsam an Zukunftsthemen. In den Showroom-<br \/>\nBereichen pr\u00e4sentieren Unternehmen und Initiativen<br \/>\ninnovative \"gr\u00fcne\" L\u00f6sungen. Der \"Gr\u00fcne Salon\"<br \/>\nschlie\u00dflich dient f\u00fcr Vortr\u00e4ge, Seminare und Work-<br \/>\nshops rund um Nachhaltigkeitsfragen.<br \/>\n<a class=\"mblink\" href=\"http:\/\/www.pier-f.de\" target=\"_blank\">www.pier-f.de<\/a><\/p>\n<p><strong>TEXTreich<\/strong><br \/>\nDr. Lena Lindhoff bietet kompetentes Literatur-, Sachbuch- und Wissenschaftslektorat und kreatives Webdesign.<br \/>\n<a class=\"mblink\" href=\"http:\/\/www.textreich.net\/\" target=\"_blank\">www.textreich.net<\/a><\/p>\n<p><strong>Upgreat<\/strong><br \/>\nMarion Schomacher hat sich nicht nur auf Business-, F\u00fchrungskr\u00e4fte-, Team- und Karriere-Coaching spezialisiert, sondern bietet auch Seminare und Workshops zu Themen wie Kommunikation, Konflikt-Management, Softskills und Teamentwicklung. Dar\u00fcber hinaus bietet sie unterschiedliche Leistungen im Bereich Recruiting an \u2013 bis hin zum Interviewtraining und zur Konzeption und Durchf\u00fchrung von Assessment Centers.<br \/>\n<a class=\"mblink\" href=\"http:\/\/www.upgreat.de\" target=\"_blank\">www.upgreat.de<\/a><\/p>\n<div><\/div>\n<div><\/div>\n<div><\/div>\n<div><\/div>\n","protected":false},"excerpt":{"rendered":"<p>Mitgliedschaften Frankfurter PresseClub e.V. Der Treffpunkt, nicht nur f\u00fcr Medienschaffende, im Herzen der Mainmetropole. www.frankfurterpresseclub.de Verband der Freien Lektorinnen und Lektoren e.V. Die Kommunikationsplattform f\u00fcr Lektorinnen, Lektoren und in angrenzenden Berufsfeldern T\u00e4tige. www.vfll.de Freunde und Partner AiD \u2013 Architektur im Dialog Die Frankfurter Architekturplattform um Gesch\u00e4ftsf\u00fchrerin Susanne Petry veranstaltet Vortr\u00e4ge zum Thema nachhaltiges Bauen und <a href=\"https:\/\/behrendt-text.de\/?page_id=109\" class=\"more-link\">...weiterlesen<span class=\"screen-reader-text\"> \"Netzwerk\"<\/span><\/a><\/p>\n","protected":false},"author":1,"featured_media":132,"parent":0,"menu_order":0,"comment_status":"closed","ping_status":"closed","template":"","meta":{"footnotes":""},"class_list":["post-109","page","type-page","status-publish","has-post-thumbnail","h-entry","hentry","h-as-page"],"aioseo_notices":[],"_links":{"self":[{"href":"https:\/\/behrendt-text.de\/index.php?rest_route=\/wp\/v2\/pages\/109","targetHints":{"allow":["GET"]}}],"collection":[{"href":"https:\/\/behrendt-text.de\/index.php?rest_route=\/wp\/v2\/pages"}],"about":[{"href":"https:\/\/behrendt-text.de\/index.php?rest_route=\/wp\/v2\/types\/page"}],"author":[{"embeddable":true,"href":"https:\/\/behrendt-text.de\/index.php?rest_route=\/wp\/v2\/users\/1"}],"replies":[{"embeddable":true,"href":"https:\/\/behrendt-text.de\/index.php?rest_route=%2Fwp%2Fv2%2Fcomments&post=109"}],"version-history":[{"count":5,"href":"https:\/\/behrendt-text.de\/index.php?rest_route=\/wp\/v2\/pages\/109\/revisions"}],"predecessor-version":[{"id":413,"href":"https:\/\/behrendt-text.de\/index.php?rest_route=\/wp\/v2\/pages\/109\/revisions\/413"}],"wp:featuredmedia":[{"embeddable":true,"href":"https:\/\/behrendt-text.de\/index.php?rest_route=\/wp\/v2\/media\/132"}],"wp:attachment":[{"href":"https:\/\/behrendt-text.de\/index.php?rest_route=%2Fwp%2Fv2%2Fmedia&parent=109"}],"curies":[{"name":"wp","href":"https:\/\/api.w.org\/{rel}","templated":true}]}}